{"id":64,"date":"2015-03-24T12:32:50","date_gmt":"2015-03-24T12:32:50","guid":{"rendered":"http:\/\/naturheilpraxislaurentd.apps-1and1.net\/?page_id=64"},"modified":"2024-01-25T14:42:44","modified_gmt":"2024-01-25T14:42:44","slug":"contact","status":"publish","type":"page","link":"https:\/\/www.dumo.net\/en\/contact\/","title":{"rendered":"Contact"},"content":{"rendered":"<p><div class=\"fusion-fullwidth fullwidth-box fusion-builder-row-2 nonhundred-percent-fullwidth non-hundred-percent-height-scrolling\"  style='background-color: rgba(255,255,255,0);background-position: center center;background-repeat: no-repeat;padding-top:0px;padding-right:0px;padding-bottom:0px;padding-left:0px;border-top-width:0px;border-bottom-width:0px;border-color:#eae9e9;border-top-style:solid;border-bottom-style:solid;'><div class=\"fusion-builder-row fusion-row \"><div  class=\"fusion-layout-column fusion_builder_column fusion_builder_column_2_3 fusion-builder-column-2 fusion-two-third fusion-column-first 2_3\"  style='margin-top:0px;margin-bottom:20px;width:66.66%;width:calc(66.66% - ( ( 4% ) * 0.6666 ) );margin-right: 4%;'><div class=\"fusion-column-wrapper\" style=\"padding: 0px 0px 0px 0px;background-position:left top;background-blend-mode: overlay;background-repeat:no-repeat;-webkit-background-size:cover;-moz-background-size:cover;-o-background-size:cover;background-size:cover;\"   data-bg-url=\"\"><div class=\"fusion-text\"><h3><strong>Free Info-Call<\/strong><\/h3>\n<p>Call me to get information, the first info-calls are free, take advantage of it!<br \/>\nIf you can not reach me right away please leave a message on my mobile, I will call you back as soon as possible.<\/p>\n<p><span style=\"color: #333333;\"><a href=\"tel:\/\/+498941220000\">Tel. (+49) 089\/41 22 00 00<\/a><\/span><br \/>\n<span style=\"color: #333333;\"><a href=\"tel:\/\/+4915754745594\">Mobile: (+49) 01575 474 55 94<\/a><\/span><\/p>\n<h3><strong>Appointments<\/strong><\/h3>\n<p>Appointments are available Monday to Friday from 8 am\u00a0to 7 pm.<br \/>\nOn exceptional cases, if required, earlier or later appointments during the week are possible or appointment on the weekend can be arranged.<br \/>\nHouse calls are available but only to patients having had a prior consultation in our office\u00a0(due to German regulations).<\/p>\n<h2 data-fontsize=\"16\" data-lineheight=\"24\"><strong>Email Contact:<\/strong><\/h2>\n<p data-fontsize=\"16\" data-lineheight=\"24\">Your e-mail enquiries are most welcome.<br \/>\nSend me an e-mail at:\u00a0<strong><a href=\"mailto:info@dumo.net\">info@dumo.net<\/a><\/strong>,<br \/>\nI will reply as soon as possible or will answer with a phone call if you have provided a phone number.<br \/>\nYour Data will be handled confidentially, in accordance with the latest EU and German regulations, see the <strong><a href=\"https:\/\/www.dumo.net\/datenschutz\/\">Data Protection<\/a><\/strong>\u00a0page for more details.<\/p>\n<h3><span style=\"color: #333333;\"><strong>Office Address<\/strong><\/span><\/h3>\n<p><span style=\"color: #333333;\">Naturheilpraxis <\/span><span style=\"color: #333333;\">Laurent Dumonet<\/span><br \/>\n<span style=\"color: #333333;\"> Im Zentrum f\u00fcr Gesundheit SinnVoll<\/span><br \/>\n<span style=\"color: #333333;\">Menzinger Str. 68<\/span><br \/>\n<span style=\"color: #333333;\"> 80992 Munich &#8211; Germany<\/span><\/p>\n<p><span style=\"color: #333333;\">Email: <a style=\"color: #333333;\" title=\"Naturopathy Laurent Dumonet\" href=\"mailto:health@dumo.net\">health@dumo.net<\/a><\/span><br \/>\n<span style=\"color: #333333;\"> Web: <a style=\"color: #333333;\" href=\"http:\/\/www.dumo.net\" target=\"_blank\" rel=\"noopener noreferrer\">www.dumo.net<\/a> \/ <a style=\"color: #333333;\" href=\"http:\/\/www.dumonet.de\" target=\"_blank\" rel=\"noopener noreferrer\">www.dumonet.de<\/a><\/span><\/p>\n<p><span style=\"color: #333333;\"><a href=\"tel:\/\/+498941220000\">Tel. (+49) 089\/41 22 00 00<\/a><\/span><br \/>\n<span style=\"color: #333333;\"><a href=\"tel:\/\/+4915754745594\">Mobile: (+49) 01575 474 55 94<\/a><\/span><\/p>\n<\/div><div class=\"fusion-clearfix\"><\/div><\/div><\/div><div  class=\"fusion-layout-column fusion_builder_column fusion_builder_column_1_3 fusion-builder-column-3 fusion-one-third fusion-column-last 1_3\"  style='margin-top:0px;margin-bottom:20px;width:33.33%;width:calc(33.33% - ( ( 4% ) * 0.3333 ) );'><div class=\"fusion-column-wrapper\" style=\"padding: 0px 0px 0px 0px;background-position:left top;background-blend-mode: overlay;background-repeat:no-repeat;-webkit-background-size:cover;-moz-background-size:cover;-o-background-size:cover;background-size:cover;\"   data-bg-url=\"\"><span class=\"fusion-imageframe imageframe-none imageframe-2 hover-type-none\"><img loading=\"lazy\" decoding=\"async\" src=\"https:\/\/www.dumo.net\/wp-content\/uploads\/2015\/03\/Kontakt.png\" width=\"451\" height=\"283\" alt=\"Contact\" title=\"Kontakt Naturheilpraxis M\u00fcnchen\" class=\"img-responsive wp-image-144\" srcset=\"https:\/\/www.dumo.net\/wp-content\/uploads\/2015\/03\/Kontakt-200x125.png 200w, https:\/\/www.dumo.net\/wp-content\/uploads\/2015\/03\/Kontakt-400x251.png 400w, https:\/\/www.dumo.net\/wp-content\/uploads\/2015\/03\/Kontakt.png 451w\" sizes=\"(max-width: 800px) 100vw, 451px\" \/><\/span><div class=\"fusion-clearfix\"><\/div><\/div><\/div><\/div><\/div><div class=\"fusion-fullwidth fullwidth-box fusion-builder-row-3 nonhundred-percent-fullwidth non-hundred-percent-height-scrolling\"  style='background-color: rgba(255,255,255,0);background-position: center center;background-repeat: no-repeat;padding-top:0px;padding-right:0px;padding-bottom:0px;padding-left:0px;border-top-width:0px;border-bottom-width:0px;border-color:#eae9e9;border-top-style:solid;border-bottom-style:solid;'><\/div><\/p>","protected":false},"excerpt":{"rendered":"","protected":false},"author":1,"featured_media":0,"parent":0,"menu_order":0,"comment_status":"closed","ping_status":"closed","template":"","meta":{"footnotes":""},"yoast_head":"<!-- This site is optimized with the Yoast SEO plugin v22.8 - https:\/\/yoast.com\/wordpress\/plugins\/seo\/ -->\n<title>Kontakt - Heilpraktiker in M\u00fcnchen Laurent Dumonet<\/title>\n<meta name=\"description\" content=\"Montag bis Freitag nach telefonischer Absprache. Pers\u00f6nliche Beratung telefonisch oder vor Ort in der Praxis, Menzinger Str. 68, M\u00fcnchen.\" \/>\n<meta name=\"robots\" content=\"index, follow, max-snippet:-1, max-image-preview:large, max-video-preview:-1\" \/>\n<link rel=\"canonical\" href=\"https:\/\/www.dumo.net\/contact\/\" \/>\n<meta property=\"og:locale\" content=\"en_US\" \/>\n<meta property=\"og:type\" content=\"article\" \/>\n<meta property=\"og:title\" content=\"Kontakt - Heilpraktiker in M\u00fcnchen Laurent Dumonet\" \/>\n<meta property=\"og:description\" content=\"Montag bis Freitag nach telefonischer Absprache. Pers\u00f6nliche Beratung telefonisch oder vor Ort in der Praxis, Menzinger Str. 68, M\u00fcnchen.\" \/>\n<meta property=\"og:url\" content=\"https:\/\/www.dumo.net\/contact\/\" \/>\n<meta property=\"og:site_name\" content=\"Heilpraxis Laurent Dumonet\" \/>\n<meta property=\"article:publisher\" content=\"https:\/\/www.facebook.com\/heilpraktikerdumonet\/\" \/>\n<meta property=\"article:modified_time\" content=\"2024-01-25T14:42:44+00:00\" \/>\n<meta property=\"og:image\" content=\"http:\/\/naturheilpraxislaurentd.apps-1and1.net\/wp-content\/uploads\/2015\/03\/Kontakt.png\" \/>\n<meta name=\"twitter:label1\" content=\"Est. reading time\" \/>\n\t<meta name=\"twitter:data1\" content=\"2 minutes\" \/>\n<script type=\"application\/ld+json\" class=\"yoast-schema-graph\">{\"@context\":\"https:\/\/schema.org\",\"@graph\":[{\"@type\":\"WebPage\",\"@id\":\"https:\/\/www.dumo.net\/contact\/\",\"url\":\"https:\/\/www.dumo.net\/contact\/\",\"name\":\"Kontakt - Heilpraktiker in M\u00fcnchen Laurent Dumonet\",\"isPartOf\":{\"@id\":\"https:\/\/www.dumo.net\/#website\"},\"primaryImageOfPage\":{\"@id\":\"https:\/\/www.dumo.net\/contact\/#primaryimage\"},\"image\":{\"@id\":\"https:\/\/www.dumo.net\/contact\/#primaryimage\"},\"thumbnailUrl\":\"http:\/\/naturheilpraxislaurentd.apps-1and1.net\/wp-content\/uploads\/2015\/03\/Kontakt.png\",\"datePublished\":\"2015-03-24T12:32:50+00:00\",\"dateModified\":\"2024-01-25T14:42:44+00:00\",\"description\":\"Montag bis Freitag nach telefonischer Absprache. Pers\u00f6nliche Beratung telefonisch oder vor Ort in der Praxis, Menzinger Str. 68, M\u00fcnchen.\",\"breadcrumb\":{\"@id\":\"https:\/\/www.dumo.net\/contact\/#breadcrumb\"},\"inLanguage\":\"en-US\",\"potentialAction\":[{\"@type\":\"ReadAction\",\"target\":[\"https:\/\/www.dumo.net\/contact\/\"]}]},{\"@type\":\"ImageObject\",\"inLanguage\":\"en-US\",\"@id\":\"https:\/\/www.dumo.net\/contact\/#primaryimage\",\"url\":\"http:\/\/naturheilpraxislaurentd.apps-1and1.net\/wp-content\/uploads\/2015\/03\/Kontakt.png\",\"contentUrl\":\"http:\/\/naturheilpraxislaurentd.apps-1and1.net\/wp-content\/uploads\/2015\/03\/Kontakt.png\"},{\"@type\":\"BreadcrumbList\",\"@id\":\"https:\/\/www.dumo.net\/contact\/#breadcrumb\",\"itemListElement\":[{\"@type\":\"ListItem\",\"position\":1,\"name\":\"Home\",\"item\":\"https:\/\/www.dumo.net\/\"},{\"@type\":\"ListItem\",\"position\":2,\"name\":\"Kontakt\"}]},{\"@type\":\"WebSite\",\"@id\":\"https:\/\/www.dumo.net\/#website\",\"url\":\"https:\/\/www.dumo.net\/\",\"name\":\"Heilpraxis Laurent Dumonet\",\"description\":\"\",\"publisher\":{\"@id\":\"https:\/\/www.dumo.net\/#organization\"},\"potentialAction\":[{\"@type\":\"SearchAction\",\"target\":{\"@type\":\"EntryPoint\",\"urlTemplate\":\"https:\/\/www.dumo.net\/?s={search_term_string}\"},\"query-input\":\"required name=search_term_string\"}],\"inLanguage\":\"en-US\"},{\"@type\":\"Organization\",\"@id\":\"https:\/\/www.dumo.net\/#organization\",\"name\":\"Naturheilpraxis Laurent Dumonet - Heilpraktiker\",\"url\":\"https:\/\/www.dumo.net\/\",\"logo\":{\"@type\":\"ImageObject\",\"inLanguage\":\"en-US\",\"@id\":\"https:\/\/www.dumo.net\/#\/schema\/logo\/image\/\",\"url\":\"\",\"contentUrl\":\"\",\"caption\":\"Naturheilpraxis Laurent Dumonet - Heilpraktiker\"},\"image\":{\"@id\":\"https:\/\/www.dumo.net\/#\/schema\/logo\/image\/\"},\"sameAs\":[\"https:\/\/www.facebook.com\/heilpraktikerdumonet\/\"]}]}<\/script>\n<!-- \/ Yoast SEO plugin. -->","yoast_head_json":{"title":"Kontakt - Heilpraktiker in M\u00fcnchen Laurent Dumonet","description":"Montag bis Freitag nach telefonischer Absprache. Pers\u00f6nliche Beratung telefonisch oder vor Ort in der Praxis, Menzinger Str. 68, M\u00fcnchen.","robots":{"index":"index","follow":"follow","max-snippet":"max-snippet:-1","max-image-preview":"max-image-preview:large","max-video-preview":"max-video-preview:-1"},"canonical":"https:\/\/www.dumo.net\/contact\/","og_locale":"en_US","og_type":"article","og_title":"Kontakt - Heilpraktiker in M\u00fcnchen Laurent Dumonet","og_description":"Montag bis Freitag nach telefonischer Absprache. Pers\u00f6nliche Beratung telefonisch oder vor Ort in der Praxis, Menzinger Str. 68, M\u00fcnchen.","og_url":"https:\/\/www.dumo.net\/contact\/","og_site_name":"Heilpraxis Laurent Dumonet","article_publisher":"https:\/\/www.facebook.com\/heilpraktikerdumonet\/","article_modified_time":"2024-01-25T14:42:44+00:00","og_image":[{"url":"http:\/\/naturheilpraxislaurentd.apps-1and1.net\/wp-content\/uploads\/2015\/03\/Kontakt.png"}],"twitter_misc":{"Est. reading time":"2 minutes"},"schema":{"@context":"https:\/\/schema.org","@graph":[{"@type":"WebPage","@id":"https:\/\/www.dumo.net\/contact\/","url":"https:\/\/www.dumo.net\/contact\/","name":"Kontakt - Heilpraktiker in M\u00fcnchen Laurent Dumonet","isPartOf":{"@id":"https:\/\/www.dumo.net\/#website"},"primaryImageOfPage":{"@id":"https:\/\/www.dumo.net\/contact\/#primaryimage"},"image":{"@id":"https:\/\/www.dumo.net\/contact\/#primaryimage"},"thumbnailUrl":"http:\/\/naturheilpraxislaurentd.apps-1and1.net\/wp-content\/uploads\/2015\/03\/Kontakt.png","datePublished":"2015-03-24T12:32:50+00:00","dateModified":"2024-01-25T14:42:44+00:00","description":"Montag bis Freitag nach telefonischer Absprache. Pers\u00f6nliche Beratung telefonisch oder vor Ort in der Praxis, Menzinger Str. 68, M\u00fcnchen.","breadcrumb":{"@id":"https:\/\/www.dumo.net\/contact\/#breadcrumb"},"inLanguage":"en-US","potentialAction":[{"@type":"ReadAction","target":["https:\/\/www.dumo.net\/contact\/"]}]},{"@type":"ImageObject","inLanguage":"en-US","@id":"https:\/\/www.dumo.net\/contact\/#primaryimage","url":"http:\/\/naturheilpraxislaurentd.apps-1and1.net\/wp-content\/uploads\/2015\/03\/Kontakt.png","contentUrl":"http:\/\/naturheilpraxislaurentd.apps-1and1.net\/wp-content\/uploads\/2015\/03\/Kontakt.png"},{"@type":"BreadcrumbList","@id":"https:\/\/www.dumo.net\/contact\/#breadcrumb","itemListElement":[{"@type":"ListItem","position":1,"name":"Home","item":"https:\/\/www.dumo.net\/"},{"@type":"ListItem","position":2,"name":"Kontakt"}]},{"@type":"WebSite","@id":"https:\/\/www.dumo.net\/#website","url":"https:\/\/www.dumo.net\/","name":"Heilpraxis Laurent Dumonet","description":"","publisher":{"@id":"https:\/\/www.dumo.net\/#organization"},"potentialAction":[{"@type":"SearchAction","target":{"@type":"EntryPoint","urlTemplate":"https:\/\/www.dumo.net\/?s={search_term_string}"},"query-input":"required name=search_term_string"}],"inLanguage":"en-US"},{"@type":"Organization","@id":"https:\/\/www.dumo.net\/#organization","name":"Naturheilpraxis Laurent Dumonet - Heilpraktiker","url":"https:\/\/www.dumo.net\/","logo":{"@type":"ImageObject","inLanguage":"en-US","@id":"https:\/\/www.dumo.net\/#\/schema\/logo\/image\/","url":"","contentUrl":"","caption":"Naturheilpraxis Laurent Dumonet - Heilpraktiker"},"image":{"@id":"https:\/\/www.dumo.net\/#\/schema\/logo\/image\/"},"sameAs":["https:\/\/www.facebook.com\/heilpraktikerdumonet\/"]}]}},"_links":{"self":[{"href":"https:\/\/www.dumo.net\/en\/wp-json\/wp\/v2\/pages\/64"}],"collection":[{"href":"https:\/\/www.dumo.net\/en\/wp-json\/wp\/v2\/pages"}],"about":[{"href":"https:\/\/www.dumo.net\/en\/wp-json\/wp\/v2\/types\/page"}],"author":[{"embeddable":true,"href":"https:\/\/www.dumo.net\/en\/wp-json\/wp\/v2\/users\/1"}],"replies":[{"embeddable":true,"href":"https:\/\/www.dumo.net\/en\/wp-json\/wp\/v2\/comments?post=64"}],"version-history":[{"count":131,"href":"https:\/\/www.dumo.net\/en\/wp-json\/wp\/v2\/pages\/64\/revisions"}],"predecessor-version":[{"id":1912,"href":"https:\/\/www.dumo.net\/en\/wp-json\/wp\/v2\/pages\/64\/revisions\/1912"}],"wp:attachment":[{"href":"https:\/\/www.dumo.net\/en\/wp-json\/wp\/v2\/media?parent=64"}],"curies":[{"name":"wp","href":"https:\/\/api.w.org\/{rel}","templated":true}]}}